{"id":15,"date":"2016-10-07T10:06:39","date_gmt":"2016-10-07T14:06:39","guid":{"rendered":"http:\/\/207.253.81.73\/index.php\/listings\/"},"modified":"2019-07-30T11:18:59","modified_gmt":"2019-07-30T15:18:59","slug":"listings","status":"publish","type":"page","link":"https:\/\/maisonmallet.com\/?page_id=15","title":{"rendered":"Avis de d\u00e9c\u00e8s"},"content":{"rendered":"<div id=\"pl-15\"  class=\"panel-layout\" ><div id=\"pg-15-0\"  class=\"panel-grid panel-no-style\" ><div id=\"pgc-15-0-0\"  class=\"panel-grid-cell\" ><div id=\"panel-15-0-0-0\" class=\"so-panel widget widget_sow-hero panel-first-child panel-last-child\" data-index=\"0\" ><div\n\t\t\t\n\t\t\tclass=\"so-widget-sow-hero so-widget-sow-hero-default-a06b1902fa1a-15 so-widget-fittext-wrapper\"\n\t\t\t data-fit-text-compressor=\"0.85\"\n\t\t>\t\t\t\t<div class=\"sow-slider-base\" style=\"display: none\" tabindex=\"0\">\n\t\t\t\t\t<ul\n\t\t\t\t\tclass=\"sow-slider-images\"\n\t\t\t\t\tdata-settings=\"{&quot;pagination&quot;:true,&quot;speed&quot;:800,&quot;timeout&quot;:8000,&quot;paused&quot;:false,&quot;pause_on_hover&quot;:false,&quot;swipe&quot;:true,&quot;nav_always_show_desktop&quot;:&quot;&quot;,&quot;nav_always_show_mobile&quot;:&quot;&quot;,&quot;breakpoint&quot;:&quot;780px&quot;,&quot;unmute&quot;:false,&quot;anchor&quot;:null}\"\n\t\t\t\t\tstyle=\"min-height: 250px\"\t\t\t\t\tdata-anchor-id=\"\"\n\t\t\t\t>\t\t<li class=\"sow-slider-image  sow-slider-image-cover\" style=\"visibility: visible;;background-color: #333333;background-image: url(https:\/\/maisonmallet.com\/wp-content\/uploads\/2016\/10\/car5.jpg)\" >\n\t\t\t\t\t<div class=\"sow-slider-image-container\">\n\t\t\t<div class=\"sow-slider-image-wrapper\">\n\t\t\t\t\t\t\t<\/div>\n\t\t<\/div>\n\t\t\t\t<\/li>\n\t\t<\/ul>\t\t\t\t<ol class=\"sow-slider-pagination\">\n\t\t\t\t\t\t\t\t\t\t\t<li><a href=\"#\" data-goto=\"0\" aria-label=\"Display slide 1\"><\/a><\/li>\n\t\t\t\t\t\t\t\t\t<\/ol>\n\n\t\t\t\t<div class=\"sow-slide-nav sow-slide-nav-next\">\n\t\t\t\t\t<a href=\"#\" data-goto=\"next\" aria-label=\"Next slide\" data-action=\"next\">\n\t\t\t\t\t\t<em class=\"sow-sld-icon-thin-right\"><\/em>\n\t\t\t\t\t<\/a>\n\t\t\t\t<\/div>\n\n\t\t\t\t<div class=\"sow-slide-nav sow-slide-nav-prev\">\n\t\t\t\t\t<a href=\"#\" data-goto=\"previous\" aria-label=\"Previous slide\" data-action=\"prev\">\n\t\t\t\t\t\t<em class=\"sow-sld-icon-thin-left\"><\/em>\n\t\t\t\t\t<\/a>\n\t\t\t\t<\/div>\n\t\t\t\t<\/div><\/div><\/div><\/div><\/div><div id=\"pg-15-1\"  class=\"panel-grid panel-has-style\" ><div class=\"panel-row-style panel-row-style-for-15-1\" ><div id=\"pgc-15-1-0\"  class=\"panel-grid-cell\" ><div id=\"panel-15-1-0-0\" class=\"so-panel widget widget_search panel-first-child panel-last-child\" data-index=\"1\" ><h3 class=\"widget-title\">Recherche d&rsquo;avis de d\u00e9c\u00e8s<\/h3><form role=\"search\" method=\"get\" class=\"search-form\" action=\"https:\/\/maisonmallet.com\/\">\n\t\t\t\t<label>\n\t\t\t\t\t<span class=\"screen-reader-text\">Rechercher\u00a0:<\/span>\n\t\t\t\t\t<input type=\"search\" class=\"search-field\" placeholder=\"Rechercher\u2026\" value=\"\" name=\"s\" \/>\n\t\t\t\t<\/label>\n\t\t\t\t<input type=\"submit\" class=\"search-submit\" value=\"Rechercher\" \/>\n\t\t\t<\/form><\/div><\/div><div id=\"pgc-15-1-1\"  class=\"panel-grid-cell\" ><div id=\"panel-15-1-1-0\" class=\"so-panel widget widget_sow-editor panel-first-child panel-last-child\" data-index=\"2\" ><div\n\t\t\t\n\t\t\tclass=\"so-widget-sow-editor so-widget-sow-editor-base\"\n\t\t\t\n\t\t><h3 class=\"widget-title\">Choix du salon<\/h3>\n<div class=\"siteorigin-widget-tinymce textwidget\">\n\t<p><strong><a href=\"https:\/\/maisonmallet.com\/?event_cat=maison-mallet-et-fils-inc\">La Maison Mallet et Fils<\/a><\/strong><br \/>\n<strong><a href=\"https:\/\/maisonmallet.com\/?event_cat=maison-l-j-g-mallet-inc\"> La Maison L.J.G. Mallet<\/a><\/strong><\/p>\n<\/div>\n<\/div><\/div><\/div><\/div><\/div><div id=\"pg-15-2\"  class=\"panel-grid panel-has-style\" ><div class=\"panel-row-style panel-row-style-for-15-2\" ><div id=\"pgc-15-2-0\"  class=\"panel-grid-cell\" ><div id=\"panel-15-2-0-0\" class=\"so-panel widget widget_sow-editor panel-first-child\" data-index=\"3\" ><div class=\"panel-widget-style panel-widget-style-for-15-2-0-0\" ><div\n\t\t\t\n\t\t\tclass=\"so-widget-sow-editor so-widget-sow-editor-base\"\n\t\t\t\n\t\t>\n<div class=\"siteorigin-widget-tinymce textwidget\">\n\t<h1 class=\"widget-title\">Avis de d\u00e9c\u00e8s<\/h1>\n<\/div>\n<\/div><\/div><\/div><div id=\"panel-15-2-0-1\" class=\"so-panel widget widget_rpwe_widget rpwe_widget recent-posts-extended\" data-index=\"4\" ><div class=\"panel-widget-style panel-widget-style-for-15-2-0-1\" ><style>.rpwe-block ul{\nlist-style: none !important;\nmargin-left: 0 !important;\npadding-left: 0 !important;\n\n}\n\n.rpwe-block li{\nmargin-bottom: 10px;\npadding-bottom: 10px;\nlist-style-type: none;\nmargin-right:2%;\nwidth:48%;\nfloat:left;\n}\n\n.rpwe-block a{\ndisplay: inline !important;\ntext-decoration: none;\n}\n\n.rpwe-block h3{\nbackground: none !important;\nclear: none;\nmargin-bottom: 0 !important;\nmargin-top: 0 !important;\nfont-weight: 400;\n\nline-height: 1.5em;\n}\n\n.rpwe-thumb{\nborder: 1px solid #eee !important;\nbox-shadow: none !important;\nmargin: 2px 10px 2px 0;\npadding: 3px !important;\n}\n\n.rpwe-summary{\n    font-size: 13px;\n    line-height: 22px;\n}\n\n.rpwe-time{\ncolor:#8f7751;\n\n}\n\n.rpwe-comment{\ncolor: #bbb;\n\npadding-left: 5px;\n}\n\n.rpwe-alignleft{\ndisplay: inline;\nfloat: left;\n}\n\n.rpwe-alignright{\ndisplay: inline;\nfloat: right;\n}\n\n.rpwe-aligncenter{\ndisplay: block;\nmargin-left: auto;\nmargin-right: auto;\n}\n\n.rpwe-clearfix:before,\n.rpwe-clearfix:after{\ncontent: &quot;&quot;;\ndisplay: table !important;\n}\n\n.rpwe-clearfix:after{\nclear: both;\n}\n\n.rpwe-clearfix{\nzoom: 1;\n}\n.rpwe-title {\nfont-family: &#039;Open Sans&#039;, Verdana, Geneva, sans-serif;\n}<\/style><div  class=\"rpwe-block\"><ul class=\"rpwe-ul\"><li class=\"rpwe-li rpwe-clearfix\"><a class=\"rpwe-img\" href=\"https:\/\/maisonmallet.com\/?event=guanish-elizabeth\" target=\"_self\"><img class=\"rpwe-alignleft rpwe-thumb\" src=\"https:\/\/maisonmallet.com\/wp-content\/uploads\/2026\/04\/guanish-e15041959-200x250.jpg\" alt=\"GUANISH, Elizabeth\" height=\"250\" width=\"200\" loading=\"lazy\" decoding=\"async\"><\/a><h3 class=\"rpwe-title\"><a href=\"https:\/\/maisonmallet.com\/?event=guanish-elizabeth\" target=\"_self\">GUANISH, Elizabeth<\/a><\/h3><time class=\"rpwe-time published\" datetime=\"2026-04-26T16:25:03-04:00\">26 avril 2026<\/time><div class=\"rpwe-summary\">Le Complexe Thanatologique Mallet &#038; fils a le regret de vous annoncer le d\u00e9c\u00e8s de Elizabeth Guanish 1959 \u2013 2026 \u00c0 Sept-\u00celes (maison l\u2019\u00c9lyme des sables), le 25 avril 2026 est d\u00e9c\u00e9d\u00e9e \u00e0 l\u2019\u00e2ge de 67 ans madame Elizabeth Guanish \u00e9pouse de feu Jean-Marie &hellip;<a href=\"https:\/\/maisonmallet.com\/?event=guanish-elizabeth\" class=\"more-link\">\u00a0D\u00e9tails ...<\/a><\/div><\/li><li class=\"rpwe-li rpwe-clearfix\"><a class=\"rpwe-img\" href=\"https:\/\/maisonmallet.com\/?event=tanguay-renee\" target=\"_self\"><img class=\"rpwe-alignleft rpwe-thumb\" src=\"https:\/\/maisonmallet.com\/wp-content\/uploads\/2026\/04\/tanguay-r16061948-200x250.jpg\" alt=\"TANGUAY, Ren\u00e9e\" height=\"250\" width=\"200\" loading=\"lazy\" decoding=\"async\"><\/a><h3 class=\"rpwe-title\"><a href=\"https:\/\/maisonmallet.com\/?event=tanguay-renee\" target=\"_self\">TANGUAY, Ren\u00e9e<\/a><\/h3><time class=\"rpwe-time published\" datetime=\"2026-04-25T15:17:14-04:00\">25 avril 2026<\/time><div class=\"rpwe-summary\">La Maison L.J.G. Mallet a le regret de vous annoncer le d\u00e9c\u00e8s de Ren\u00e9e Tanguay 1948 &#8211; 2026 \u00c0 Havre Saint-Pierre, le 18 avril 2026, est d\u00e9c\u00e9d\u00e9e \u00e0 l\u2019\u00e2ge de 77 ans, madame Ren\u00e9e Tanguay \u00e9pouse de feu L\u00e9on Boudreau et domicili\u00e9e \u00e0 Havre &hellip;<a href=\"https:\/\/maisonmallet.com\/?event=tanguay-renee\" class=\"more-link\">\u00a0D\u00e9tails ...<\/a><\/div><\/li><li class=\"rpwe-li rpwe-clearfix\"><a class=\"rpwe-img\" href=\"https:\/\/maisonmallet.com\/?event=st-laurent-richard\" target=\"_self\"><img class=\"rpwe-alignleft rpwe-thumb\" src=\"https:\/\/maisonmallet.com\/wp-content\/uploads\/2026\/04\/st-Laurent-r08071941-200x250.jpg\" alt=\"ST-LAURENT, Richard\" height=\"250\" width=\"200\" loading=\"lazy\" decoding=\"async\"><\/a><h3 class=\"rpwe-title\"><a href=\"https:\/\/maisonmallet.com\/?event=st-laurent-richard\" target=\"_self\">ST-LAURENT, Richard<\/a><\/h3><time class=\"rpwe-time published\" datetime=\"2026-04-22T14:23:34-04:00\">22 avril 2026<\/time><div class=\"rpwe-summary\">Le Complexe Thanatologique Mallet &#038; fils a le regret de vous annoncer le d\u00e9c\u00e8s de Richard St-Laurent 1941 \u2013 2026 \u00c0 Sept-\u00celes, le 2 avril 2026, est d\u00e9c\u00e9d\u00e9 \u00e0 l\u2019\u00e2ge de 84 ans, monsieur Richard St-Laurent \u00e9poux de madame Anne-Marie Bergeron et domicili\u00e9 \u00e0 &hellip;<a href=\"https:\/\/maisonmallet.com\/?event=st-laurent-richard\" class=\"more-link\">\u00a0D\u00e9tails ...<\/a><\/div><\/li><li class=\"rpwe-li rpwe-clearfix\"><a class=\"rpwe-img\" href=\"https:\/\/maisonmallet.com\/?event=goupil-elda\" target=\"_self\"><img class=\"rpwe-alignleft rpwe-thumb\" src=\"https:\/\/maisonmallet.com\/wp-content\/uploads\/2026\/04\/goupil-e15101955-200x250.jpg\" alt=\"GOUPIL, Elda\" height=\"250\" width=\"200\" loading=\"lazy\" decoding=\"async\"><\/a><h3 class=\"rpwe-title\"><a href=\"https:\/\/maisonmallet.com\/?event=goupil-elda\" target=\"_self\">GOUPIL, Elda<\/a><\/h3><time class=\"rpwe-time published\" datetime=\"2026-04-21T18:07:42-04:00\">21 avril 2026<\/time><div class=\"rpwe-summary\">Le Complexe Thanatologique Mallet &#038; fils a le regret de vous annoncer le d\u00e9c\u00e8s de Elda Goupil 1955 &#8211; 2026 \u00c0 Sept-\u00celes (maison L\u2019\u00c9lyme des sables), le 16 avril 2026, est d\u00e9c\u00e9d\u00e9e \u00e0 l\u2019\u00e2ge de 70 ans, madame Elda Goupil \u00e9pouse de monsieur Gilles &hellip;<a href=\"https:\/\/maisonmallet.com\/?event=goupil-elda\" class=\"more-link\">\u00a0D\u00e9tails ...<\/a><\/div><\/li><li class=\"rpwe-li rpwe-clearfix\"><a class=\"rpwe-img\" href=\"https:\/\/maisonmallet.com\/?event=neveu-jack-h\" target=\"_self\"><img class=\"rpwe-alignleft rpwe-thumb\" src=\"https:\/\/maisonmallet.com\/wp-content\/uploads\/2026\/04\/neveu-j12101929-200x250.jpg\" alt=\"NEVEU, Jack H.\" height=\"250\" width=\"200\" loading=\"lazy\" decoding=\"async\"><\/a><h3 class=\"rpwe-title\"><a href=\"https:\/\/maisonmallet.com\/?event=neveu-jack-h\" target=\"_self\">NEVEU, Jack H.<\/a><\/h3><time class=\"rpwe-time published\" datetime=\"2026-04-20T17:11:53-04:00\">20 avril 2026<\/time><div class=\"rpwe-summary\">Le Complexe Thanatologique Mallet &#038; fils a le regret de vous annoncer le d\u00e9c\u00e8s de Jack H. Neveu 1929 \u2013 2026 \u00c0 Sept-\u00celes, le 19 avril 2026, est d\u00e9c\u00e9d\u00e9 \u00e0 l\u2019\u00e2ge de 96 ans et 6 mois, monsieur Jack H. Neveu \u00e9poux de feu &hellip;<a href=\"https:\/\/maisonmallet.com\/?event=neveu-jack-h\" class=\"more-link\">\u00a0D\u00e9tails ...<\/a><\/div><\/li><li class=\"rpwe-li rpwe-clearfix\"><a class=\"rpwe-img\" href=\"https:\/\/maisonmallet.com\/?event=methot-claudette\" target=\"_self\"><img class=\"rpwe-alignleft rpwe-thumb\" src=\"https:\/\/maisonmallet.com\/wp-content\/uploads\/2026\/04\/methot-c05011939-200x250.jpg\" alt=\"M\u00c9THOT, Claudette\" height=\"250\" width=\"200\" loading=\"lazy\" decoding=\"async\"><\/a><h3 class=\"rpwe-title\"><a href=\"https:\/\/maisonmallet.com\/?event=methot-claudette\" target=\"_self\">M\u00c9THOT, Claudette<\/a><\/h3><time class=\"rpwe-time published\" datetime=\"2026-04-20T10:51:05-04:00\">20 avril 2026<\/time><div class=\"rpwe-summary\">Le Complexe Thanatologique Mallet &#038; fils a le regret de vous annoncer le d\u00e9c\u00e8s de Claudette M\u00e9thot 1939 \u2013 2026 \u00c0 Sept-\u00celes, le 17 avril 2026, est d\u00e9c\u00e9d\u00e9e \u00e0 l&rsquo;\u00e2ge de 87 ans, madame Claudette M\u00e9thot \u00e9pouse de feu Jean-Paul Bouffard et domicili\u00e9e \u00e0 &hellip;<a href=\"https:\/\/maisonmallet.com\/?event=methot-claudette\" class=\"more-link\">\u00a0D\u00e9tails ...<\/a><\/div><\/li><li class=\"rpwe-li rpwe-clearfix\"><a class=\"rpwe-img\" href=\"https:\/\/maisonmallet.com\/?event=chiasson-daniel\" target=\"_self\"><img class=\"rpwe-alignleft rpwe-thumb\" src=\"https:\/\/maisonmallet.com\/wp-content\/uploads\/2026\/04\/chiasson-d22031962-200x250.jpg\" alt=\"CHIASSON, Daniel\" height=\"250\" width=\"200\" loading=\"lazy\" decoding=\"async\"><\/a><h3 class=\"rpwe-title\"><a href=\"https:\/\/maisonmallet.com\/?event=chiasson-daniel\" target=\"_self\">CHIASSON, Daniel<\/a><\/h3><time class=\"rpwe-time published\" datetime=\"2026-04-18T14:26:45-04:00\">18 avril 2026<\/time><div class=\"rpwe-summary\">Le Complexe Thanatologique Mallet &#038; fils a le regret de vous annoncer le d\u00e9c\u00e8s de Daniel Chiasson 1962 \u2013 2026 \u00c0 Port-Cartier, le 14 avril 2026, est d\u00e9c\u00e9d\u00e9 \u00e0 l\u2019\u00e2ge de 64 ans, monsieur Daniel Chiasson fils de feu Jean-Claude Chiasson et de feu &hellip;<a href=\"https:\/\/maisonmallet.com\/?event=chiasson-daniel\" class=\"more-link\">\u00a0D\u00e9tails ...<\/a><\/div><\/li><li class=\"rpwe-li rpwe-clearfix\"><a class=\"rpwe-img\" href=\"https:\/\/maisonmallet.com\/?event=noel-yves\" target=\"_self\"><img class=\"rpwe-alignleft rpwe-thumb\" src=\"https:\/\/maisonmallet.com\/wp-content\/uploads\/2026\/04\/noel-y12021964-200x250.jpg\" alt=\"NO\u00cbL, Yves\" height=\"250\" width=\"200\" loading=\"lazy\" decoding=\"async\"><\/a><h3 class=\"rpwe-title\"><a href=\"https:\/\/maisonmallet.com\/?event=noel-yves\" target=\"_self\">NO\u00cbL, Yves<\/a><\/h3><time class=\"rpwe-time published\" datetime=\"2026-04-16T11:00:37-04:00\">16 avril 2026<\/time><div class=\"rpwe-summary\">Le Complexe Thanatologique Mallet &#038; fils a le regret de vous annoncer le d\u00e9c\u00e8s de Yves No\u00ebl 1964 \u2013 2026 \u00c0 Sept-\u00celes (maison l\u2019\u00c9lyme des sables), le 10 avril 2026, est d\u00e9c\u00e9d\u00e9 \u00e0 l\u2019\u00e2ge de 62 ans, monsieur Yves No\u00ebl conjoint de madame Julienne &hellip;<a href=\"https:\/\/maisonmallet.com\/?event=noel-yves\" class=\"more-link\">\u00a0D\u00e9tails ...<\/a><\/div><\/li><li class=\"rpwe-li rpwe-clearfix\"><a class=\"rpwe-img\" href=\"https:\/\/maisonmallet.com\/?event=marquis-mario\" target=\"_self\"><img class=\"rpwe-alignleft rpwe-thumb\" src=\"https:\/\/maisonmallet.com\/wp-content\/uploads\/2026\/04\/marquis-m30041965-200x250.jpg\" alt=\"MARQUIS, Mario\" height=\"250\" width=\"200\" loading=\"lazy\" decoding=\"async\"><\/a><h3 class=\"rpwe-title\"><a href=\"https:\/\/maisonmallet.com\/?event=marquis-mario\" target=\"_self\">MARQUIS, Mario<\/a><\/h3><time class=\"rpwe-time published\" datetime=\"2026-04-16T10:47:32-04:00\">16 avril 2026<\/time><div class=\"rpwe-summary\">Le Complexe Thanatologique Mallet &#038; fils a le regret de vous annoncer le d\u00e9c\u00e8s de Mario Marquis 1965 \u2013 2026 \u00c0 Sept-\u00celes, le 12 avril 2026, est d\u00e9c\u00e9d\u00e9 \u00e0 l&rsquo;\u00e2ge de 60 ans, monsieur Mario Marquis fils de feu Denis Marquis et de feu &hellip;<a href=\"https:\/\/maisonmallet.com\/?event=marquis-mario\" class=\"more-link\">\u00a0D\u00e9tails ...<\/a><\/div><\/li><li class=\"rpwe-li rpwe-clearfix\"><a class=\"rpwe-img\" href=\"https:\/\/maisonmallet.com\/?event=marceau-gino\" target=\"_self\"><img class=\"rpwe-alignleft rpwe-thumb\" src=\"https:\/\/maisonmallet.com\/wp-content\/uploads\/2026\/01\/marceau-g04071962-200x250.jpg\" alt=\"MARCEAU, Gino\" height=\"250\" width=\"200\" loading=\"lazy\" decoding=\"async\"><\/a><h3 class=\"rpwe-title\"><a href=\"https:\/\/maisonmallet.com\/?event=marceau-gino\" target=\"_self\">MARCEAU, Gino<\/a><\/h3><time class=\"rpwe-time published\" datetime=\"2026-04-14T08:46:58-04:00\">14 avril 2026<\/time><div class=\"rpwe-summary\">Le Complexe Thanatologique Mallet &#038; fils a le regret de vous annoncer le d\u00e9c\u00e8s de Gino Marceau 1962 \u2013 2026 \u00c0 Sept-\u00celes, le 13 janvier 2026, est d\u00e9c\u00e9d\u00e9 \u00e0 l\u2019\u00e2ge de 63 ans, monsieur Gino Marceau fils de madame Jeannine Lavoie et feu L\u00e9on-Philippe &hellip;<a href=\"https:\/\/maisonmallet.com\/?event=marceau-gino\" class=\"more-link\">\u00a0D\u00e9tails ...<\/a><\/div><\/li><li class=\"rpwe-li rpwe-clearfix\"><a class=\"rpwe-img\" href=\"https:\/\/maisonmallet.com\/?event=tremblay-suzette\" target=\"_self\"><img class=\"rpwe-alignleft rpwe-thumb\" src=\"https:\/\/maisonmallet.com\/wp-content\/uploads\/2026\/04\/tremblay-s15071935-200x250.jpg\" alt=\"TREMBLAY, Suzette\" height=\"250\" width=\"200\" loading=\"lazy\" decoding=\"async\"><\/a><h3 class=\"rpwe-title\"><a href=\"https:\/\/maisonmallet.com\/?event=tremblay-suzette\" target=\"_self\">TREMBLAY, Suzette<\/a><\/h3><time class=\"rpwe-time published\" datetime=\"2026-04-13T15:31:06-04:00\">13 avril 2026<\/time><div class=\"rpwe-summary\">Le Complexe Thanatologique Mallet &#038; fils a le regret de vous annoncer le d\u00e9c\u00e8s de Suzette Tremblay 1935 &#8211; 2026 \u00c0 Sept-\u00celes (maison L\u2019\u00c9lyme des sables), le 8 avril 2026, est d\u00e9c\u00e9d\u00e9e \u00e0 l\u2019\u00e2ge de 90 ans, madame Suzette Tremblay \u00e9pouse de feu Camille &hellip;<a href=\"https:\/\/maisonmallet.com\/?event=tremblay-suzette\" class=\"more-link\">\u00a0D\u00e9tails ...<\/a><\/div><\/li><li class=\"rpwe-li rpwe-clearfix\"><a class=\"rpwe-img\" href=\"https:\/\/maisonmallet.com\/?event=therrien-carole\" target=\"_self\"><img class=\"rpwe-alignleft rpwe-thumb\" src=\"https:\/\/maisonmallet.com\/wp-content\/uploads\/2026\/04\/therrien-c11021959-200x250.jpg\" alt=\"THERRIEN, Carole\" height=\"250\" width=\"200\" loading=\"lazy\" decoding=\"async\"><\/a><h3 class=\"rpwe-title\"><a href=\"https:\/\/maisonmallet.com\/?event=therrien-carole\" target=\"_self\">THERRIEN, Carole<\/a><\/h3><time class=\"rpwe-time published\" datetime=\"2026-04-13T13:37:32-04:00\">13 avril 2026<\/time><div class=\"rpwe-summary\">Le Complexe Thanatologique Mallet &#038; fils a le regret de vous annoncer le d\u00e9c\u00e8s de Carole Therrien 1959 \u2013 2026 \u00c0 Sept-\u00celes, le 7 avril 2026, est d\u00e9c\u00e9d\u00e9e \u00e0 l&rsquo;\u00e2ge de 67 ans, madame Carole Therrien conjointe de monsieur Daniel M\u00e9tivier et domicili\u00e9e \u00e0 &hellip;<a href=\"https:\/\/maisonmallet.com\/?event=therrien-carole\" class=\"more-link\">\u00a0D\u00e9tails ...<\/a><\/div><\/li><li class=\"rpwe-li rpwe-clearfix\"><a class=\"rpwe-img\" href=\"https:\/\/maisonmallet.com\/?event=paquet-jean-pierre\" target=\"_self\"><img class=\"rpwe-alignleft rpwe-thumb\" src=\"https:\/\/maisonmallet.com\/wp-content\/uploads\/2026\/04\/paquet-jp24061945-200x250.jpg\" alt=\"PAQUET, Jean-Pierre\" height=\"250\" width=\"200\" loading=\"lazy\" decoding=\"async\"><\/a><h3 class=\"rpwe-title\"><a href=\"https:\/\/maisonmallet.com\/?event=paquet-jean-pierre\" target=\"_self\">PAQUET, Jean-Pierre<\/a><\/h3><time class=\"rpwe-time published\" datetime=\"2026-04-13T13:08:01-04:00\">13 avril 2026<\/time><div class=\"rpwe-summary\">Le Complexe Thanatologique Mallet &#038; fils a le regret de vous annoncer le d\u00e9c\u00e8s de Jean-Pierre Paquet 1945 \u2013 2026 \u00c0 Port-Cartier, le 10 avril 2026, est d\u00e9c\u00e9d\u00e9 \u00e0 l\u2019\u00e2ge de 80 ans, monsieur Jean-Pierre Paquet \u00e9poux de feu Lise Ringuette et domicili\u00e9 \u00e0 &hellip;<a href=\"https:\/\/maisonmallet.com\/?event=paquet-jean-pierre\" class=\"more-link\">\u00a0D\u00e9tails ...<\/a><\/div><\/li><li class=\"rpwe-li rpwe-clearfix\"><a class=\"rpwe-img\" href=\"https:\/\/maisonmallet.com\/?event=allaire-lisette\" target=\"_self\"><img class=\"rpwe-alignleft rpwe-thumb\" src=\"https:\/\/maisonmallet.com\/wp-content\/uploads\/2026\/04\/allaire-l16051944-200x250.jpg\" alt=\"ALLAIRE, Lisette\" height=\"250\" width=\"200\" loading=\"lazy\" decoding=\"async\"><\/a><h3 class=\"rpwe-title\"><a href=\"https:\/\/maisonmallet.com\/?event=allaire-lisette\" target=\"_self\">ALLAIRE, Lisette<\/a><\/h3><time class=\"rpwe-time published\" datetime=\"2026-04-13T12:07:14-04:00\">13 avril 2026<\/time><div class=\"rpwe-summary\">Le Complexe Thanatologique Mallet &#038; fils a le regret de vous annoncer le d\u00e9c\u00e8s de Lisette Allaire 1944 \u2013 2026 \u00c0 Sept-\u00celes (maison l\u2019\u00c9lyme des sables), le 23 mars 2026, est d\u00e9c\u00e9d\u00e9e \u00e0 l\u2019\u00e2ge de 81 ans, madame Lisette Allaire \u00e9pouse de feu Blackie &hellip;<a href=\"https:\/\/maisonmallet.com\/?event=allaire-lisette\" class=\"more-link\">\u00a0D\u00e9tails ...<\/a><\/div><\/li><li class=\"rpwe-li rpwe-clearfix\"><a class=\"rpwe-img\" href=\"https:\/\/maisonmallet.com\/?event=fontaine-jean-sylvestre-nishto\" target=\"_self\"><img class=\"rpwe-alignleft rpwe-thumb\" src=\"https:\/\/maisonmallet.com\/wp-content\/uploads\/2026\/04\/fontaine-js28031977-200x250.jpg\" alt=\"FONTAINE, Jean-Sylvestre (Nishto)\" height=\"250\" width=\"200\" loading=\"lazy\" decoding=\"async\"><\/a><h3 class=\"rpwe-title\"><a href=\"https:\/\/maisonmallet.com\/?event=fontaine-jean-sylvestre-nishto\" target=\"_self\">FONTAINE, Jean-Sylvestre (Nishto)<\/a><\/h3><time class=\"rpwe-time published\" datetime=\"2026-04-11T15:09:50-04:00\">11 avril 2026<\/time><div class=\"rpwe-summary\">Le Complexe Thanatologique Mallet &#038; fils a le regret de vous annoncer le d\u00e9c\u00e8s de Jean-Sylvestre (Nishto) Fontaine 1977 \u2013 2026 \u00c0 Las Vegas, le 27 f\u00e9vrier 2026, est d\u00e9c\u00e9d\u00e9 \u00e0 l\u2019\u00e2ge de 48 ans, monsieur Jean-Sylvestre (Nishto) Fontaine fils de feu Mathias Fontaine &hellip;<a href=\"https:\/\/maisonmallet.com\/?event=fontaine-jean-sylvestre-nishto\" class=\"more-link\">\u00a0D\u00e9tails ...<\/a><\/div><\/li><li class=\"rpwe-li rpwe-clearfix\"><a class=\"rpwe-img\" href=\"https:\/\/maisonmallet.com\/?event=landry-leonard\" target=\"_self\"><img class=\"rpwe-alignleft rpwe-thumb\" src=\"https:\/\/maisonmallet.com\/wp-content\/uploads\/2026\/04\/landry-l14011947-200x250.jpg\" alt=\"LANDRY, L\u00e9onard\" height=\"250\" width=\"200\" loading=\"lazy\" decoding=\"async\"><\/a><h3 class=\"rpwe-title\"><a href=\"https:\/\/maisonmallet.com\/?event=landry-leonard\" target=\"_self\">LANDRY, L\u00e9onard<\/a><\/h3><time class=\"rpwe-time published\" datetime=\"2026-04-11T10:25:22-04:00\">11 avril 2026<\/time><div class=\"rpwe-summary\">La Maison L.J.G. Mallet a le regret de vous annoncer le d\u00e9c\u00e8s de L\u00e9onard Landry 1947 &#8211; 2026 \u00c0 Havre Saint-Pierre, le 14 mars 2026, est d\u00e9c\u00e9d\u00e9 \u00e0 l\u2019\u00e2ge de 79 ans, monsieur L\u00e9onard Landry \u00e9poux de feu R\u00e9jeanne Landry et domicili\u00e9 \u00e0 Natashquan. &hellip;<a href=\"https:\/\/maisonmallet.com\/?event=landry-leonard\" class=\"more-link\">\u00a0D\u00e9tails ...<\/a><\/div><\/li><li class=\"rpwe-li rpwe-clearfix\"><a class=\"rpwe-img\" href=\"https:\/\/maisonmallet.com\/?event=cormier-juanita\" target=\"_self\"><img class=\"rpwe-alignleft rpwe-thumb\" src=\"https:\/\/maisonmallet.com\/wp-content\/uploads\/2026\/04\/cormier-j23031948-200x250.jpg\" alt=\"CORMIER, Juanita\" height=\"250\" width=\"200\" loading=\"lazy\" decoding=\"async\"><\/a><h3 class=\"rpwe-title\"><a href=\"https:\/\/maisonmallet.com\/?event=cormier-juanita\" target=\"_self\">CORMIER, Juanita<\/a><\/h3><time class=\"rpwe-time published\" datetime=\"2026-04-07T08:57:33-04:00\">7 avril 2026<\/time><div class=\"rpwe-summary\">Le Complexe Thanatologique Mallet &#038; fils a le regret de vous annoncer le d\u00e9c\u00e8s de Juanita Cormier 1948 &#8211; 2026 \u00c0 Qu\u00e9bec, le 21 mars 2026, est d\u00e9c\u00e9d\u00e9e \u00e0 l&rsquo;\u00e2ge de 78 ans, madame Juanita Cormier \u00e9pouse de monsieur L\u00e9opold Talbot et domicili\u00e9e \u00e0 &hellip;<a href=\"https:\/\/maisonmallet.com\/?event=cormier-juanita\" class=\"more-link\">\u00a0D\u00e9tails ...<\/a><\/div><\/li><li class=\"rpwe-li rpwe-clearfix\"><a class=\"rpwe-img\" href=\"https:\/\/maisonmallet.com\/?event=gallant-etienne\" target=\"_self\"><img class=\"rpwe-alignleft rpwe-thumb\" src=\"https:\/\/maisonmallet.com\/wp-content\/uploads\/2026\/04\/gallante14041947-200x250.jpg\" alt=\"GALLANT, Etienne\" height=\"250\" width=\"200\" loading=\"lazy\" decoding=\"async\"><\/a><h3 class=\"rpwe-title\"><a href=\"https:\/\/maisonmallet.com\/?event=gallant-etienne\" target=\"_self\">GALLANT, Etienne<\/a><\/h3><time class=\"rpwe-time published\" datetime=\"2026-04-07T08:34:06-04:00\">7 avril 2026<\/time><div class=\"rpwe-summary\">La Maison L.J.G. Mallet a le regret de vous annoncer le d\u00e9c\u00e8s de Etienne Gallant 1947 \u2013 2026 \u00c0 Havre Saint-Pierre, le 31 mars 2026, est d\u00e9c\u00e9d\u00e9e \u00e0 l\u2019\u00e2ge de 78 ans monsieur Etienne Gallant \u00e9poux de madame Nicole Blais et domicili\u00e9 \u00e0 Havre &hellip;<a href=\"https:\/\/maisonmallet.com\/?event=gallant-etienne\" class=\"more-link\">\u00a0D\u00e9tails ...<\/a><\/div><\/li><li class=\"rpwe-li rpwe-clearfix\"><a class=\"rpwe-img\" href=\"https:\/\/maisonmallet.com\/?event=boudreault-aurele\" target=\"_self\"><img class=\"rpwe-alignleft rpwe-thumb\" src=\"https:\/\/maisonmallet.com\/wp-content\/uploads\/2026\/04\/boudreault-a29121959-200x250.jpg\" alt=\"BOUDREAULT, Aur\u00e8le\" height=\"250\" width=\"200\" loading=\"lazy\" decoding=\"async\"><\/a><h3 class=\"rpwe-title\"><a href=\"https:\/\/maisonmallet.com\/?event=boudreault-aurele\" target=\"_self\">BOUDREAULT, Aur\u00e8le<\/a><\/h3><time class=\"rpwe-time published\" datetime=\"2026-04-06T10:42:47-04:00\">6 avril 2026<\/time><div class=\"rpwe-summary\">Le Complexe Thanatologique Mallet &#038; fils a le regret de vous annoncer le d\u00e9c\u00e8s de Aur\u00e8le Boudreault 1959 \u2013 2026 \u00c0 Sept-\u00celes, le 6 mars 2026, est d\u00e9c\u00e9d\u00e9 \u00e0 l\u2019\u00e2ge de 66 ans, monsieur Aur\u00e8le Boudreault conjoint de madame R\u00e9jeanne Larriv\u00e9e et domicili\u00e9 \u00e0 &hellip;<a href=\"https:\/\/maisonmallet.com\/?event=boudreault-aurele\" class=\"more-link\">\u00a0D\u00e9tails ...<\/a><\/div><\/li><li class=\"rpwe-li rpwe-clearfix\"><a class=\"rpwe-img\" href=\"https:\/\/maisonmallet.com\/?event=boily-richard-dick\" target=\"_self\"><img class=\"rpwe-alignleft rpwe-thumb\" src=\"https:\/\/maisonmallet.com\/wp-content\/uploads\/2026\/04\/boily-r26051951-200x250.jpg\" alt=\"BOILY, Richard (Dick)\" height=\"250\" width=\"200\" loading=\"lazy\" decoding=\"async\"><\/a><h3 class=\"rpwe-title\"><a href=\"https:\/\/maisonmallet.com\/?event=boily-richard-dick\" target=\"_self\">BOILY, Richard (Dick)<\/a><\/h3><time class=\"rpwe-time published\" datetime=\"2026-04-01T10:51:02-04:00\">1 avril 2026<\/time><div class=\"rpwe-summary\">Le Complexe Thanatologique Mallet &#038; fils a le regret de vous annoncer le d\u00e9c\u00e8s de Richard Boily (Dick) 1959 \u2013 2026 \u00c0 Sept-\u00celes, le 23 f\u00e9vrier 2026, est d\u00e9c\u00e9d\u00e9 \u00e0 l&rsquo;\u00e2ge de 74 ans, monsieur Richard Boily (Dick) conjoint de madame Fran\u00e7oise Vollant et &hellip;<a href=\"https:\/\/maisonmallet.com\/?event=boily-richard-dick\" class=\"more-link\">\u00a0D\u00e9tails ...<\/a><\/div><\/li><li class=\"rpwe-li rpwe-clearfix\"><a class=\"rpwe-img\" href=\"https:\/\/maisonmallet.com\/?event=jean-pierre-jeannine\" target=\"_self\"><img class=\"rpwe-alignleft rpwe-thumb\" src=\"https:\/\/maisonmallet.com\/wp-content\/uploads\/2026\/04\/jean-pierre-j29041935-200x250.jpg\" alt=\"JEAN-PIERRE, Jeannine\" height=\"250\" width=\"200\" loading=\"lazy\" decoding=\"async\"><\/a><h3 class=\"rpwe-title\"><a href=\"https:\/\/maisonmallet.com\/?event=jean-pierre-jeannine\" target=\"_self\">JEAN-PIERRE, Jeannine<\/a><\/h3><time class=\"rpwe-time published\" datetime=\"2026-03-31T12:11:13-04:00\">31 mars 2026<\/time><div class=\"rpwe-summary\">Le Complexe Thanatologique Mallet &#038; fils a le regret de vous annoncer le d\u00e9c\u00e8s de Jeannine Jean-Pierre 1935 \u2013 2026 \u00c0 Baie-Comeau, le 29 mars 2026 est d\u00e9c\u00e9d\u00e9e \u00e0 l\u2019\u00e2ge de 90 ans madame Jeannine Jean-Pierre \u00e9pouse de feu Paul-\u00c9mile Gauthier et domicili\u00e9e \u00e0 &hellip;<a href=\"https:\/\/maisonmallet.com\/?event=jean-pierre-jeannine\" class=\"more-link\">\u00a0D\u00e9tails ...<\/a><\/div><\/li><li class=\"rpwe-li rpwe-clearfix\"><a class=\"rpwe-img\" href=\"https:\/\/maisonmallet.com\/?event=lepage-serge\" target=\"_self\"><img class=\"rpwe-alignleft rpwe-thumb\" src=\"https:\/\/maisonmallet.com\/wp-content\/uploads\/2026\/04\/lepage-s06111954-200x250.jpg\" alt=\"LEPAGE, Serge\" height=\"250\" width=\"200\" loading=\"lazy\" decoding=\"async\"><\/a><h3 class=\"rpwe-title\"><a href=\"https:\/\/maisonmallet.com\/?event=lepage-serge\" target=\"_self\">LEPAGE, Serge<\/a><\/h3><time class=\"rpwe-time published\" datetime=\"2026-03-31T11:42:56-04:00\">31 mars 2026<\/time><div class=\"rpwe-summary\">Le Complexe Thanatologique Mallet &#038; fils a le regret de vous annoncer le d\u00e9c\u00e8s de Serge Lepage 1954 \u2013 2026 \u00c0 Sept-\u00celes (maison \u00c9lyme des sables), le 30 mars 2026, est d\u00e9c\u00e9d\u00e9 \u00e0 l\u2019\u00e2ge de 71 ans, monsieur Serge Lepage, \u00e9poux de madame Claire &hellip;<a href=\"https:\/\/maisonmallet.com\/?event=lepage-serge\" class=\"more-link\">\u00a0D\u00e9tails ...<\/a><\/div><\/li><li class=\"rpwe-li rpwe-clearfix\"><a class=\"rpwe-img\" href=\"https:\/\/maisonmallet.com\/?event=cormier-laure-anna\" target=\"_self\"><img class=\"rpwe-alignleft rpwe-thumb\" src=\"https:\/\/maisonmallet.com\/wp-content\/uploads\/2026\/04\/cormier-la08021930-200x250.jpg\" alt=\"CORMIER, Laure-Anna\" height=\"250\" width=\"200\" loading=\"lazy\" decoding=\"async\"><\/a><h3 class=\"rpwe-title\"><a href=\"https:\/\/maisonmallet.com\/?event=cormier-laure-anna\" target=\"_self\">CORMIER, Laure-Anna<\/a><\/h3><time class=\"rpwe-time published\" datetime=\"2026-03-31T11:08:11-04:00\">31 mars 2026<\/time><div class=\"rpwe-summary\">La Maison L.J.G. Mallet a le regret de vous annoncer le d\u00e9c\u00e8s de Laure-Anna Cormier 1930 \u2013 2026 \u00c0 Havre Saint-Pierre, le 14 mars 2026, est d\u00e9c\u00e9d\u00e9e \u00e0 l\u2019\u00e2ge de 96 ans madame Laure-Anna Cormier \u00e9pouse de feu Donat E. Boudreau et domicili\u00e9e \u00e0 &hellip;<a href=\"https:\/\/maisonmallet.com\/?event=cormier-laure-anna\" class=\"more-link\">\u00a0D\u00e9tails ...<\/a><\/div><\/li><li class=\"rpwe-li rpwe-clearfix\"><a class=\"rpwe-img\" href=\"https:\/\/maisonmallet.com\/?event=rochette-jean-paul\" target=\"_self\"><img class=\"rpwe-alignleft rpwe-thumb\" src=\"https:\/\/maisonmallet.com\/wp-content\/uploads\/2026\/04\/rochette-jp29111958-200x250.jpg\" alt=\"ROCHETTE, Jean-Paul\" height=\"250\" width=\"200\" loading=\"lazy\" decoding=\"async\"><\/a><h3 class=\"rpwe-title\"><a href=\"https:\/\/maisonmallet.com\/?event=rochette-jean-paul\" target=\"_self\">ROCHETTE, Jean-Paul<\/a><\/h3><time class=\"rpwe-time published\" datetime=\"2026-03-30T13:18:37-04:00\">30 mars 2026<\/time><div class=\"rpwe-summary\">La Maison L.J.G. Mallet a le regret de vous annoncer le d\u00e9c\u00e8s de Jean-Paul Rochette 1958 \u2013 2025 \u00c0 Longue-Pointe-de-Mingan, le 23 d\u00e9cembre 2025, est d\u00e9c\u00e9d\u00e9 \u00e0 l\u2019\u00e2ge de 67 ans, monsieur Jean-Paul Rochette fils de feu Fernand Rochette et de feu Diana Hounsell &hellip;<a href=\"https:\/\/maisonmallet.com\/?event=rochette-jean-paul\" class=\"more-link\">\u00a0D\u00e9tails ...<\/a><\/div><\/li><li class=\"rpwe-li rpwe-clearfix\"><a class=\"rpwe-img\" href=\"https:\/\/maisonmallet.com\/?event=bezeau-anne-marie\" target=\"_self\"><img class=\"rpwe-alignleft rpwe-thumb\" src=\"https:\/\/maisonmallet.com\/wp-content\/uploads\/2026\/04\/am-b28021942-200x250.jpg\" alt=\"BEZEAU, Anne-Marie\" height=\"250\" width=\"200\" loading=\"lazy\" decoding=\"async\"><\/a><h3 class=\"rpwe-title\"><a href=\"https:\/\/maisonmallet.com\/?event=bezeau-anne-marie\" target=\"_self\">BEZEAU, Anne-Marie<\/a><\/h3><time class=\"rpwe-time published\" datetime=\"2026-03-30T12:49:22-04:00\">30 mars 2026<\/time><div class=\"rpwe-summary\">Le Complexe Thanatologique Mallet &#038; fils a le regret de vous annoncer le d\u00e9c\u00e8s de Anne-Marie Bezeau 1942 \u2013 2026 \u00c0 Sept-\u00celes, le 28 mars 2026 est d\u00e9c\u00e9d\u00e9e \u00e0 l\u2019\u00e2ge de 84 ans et 1 mois, madame Anne-Marie Bezeau, conjointe de feu Pit Guilbault, &hellip;<a href=\"https:\/\/maisonmallet.com\/?event=bezeau-anne-marie\" class=\"more-link\">\u00a0D\u00e9tails ...<\/a><\/div><\/li><li class=\"rpwe-li rpwe-clearfix\"><a class=\"rpwe-img\" href=\"https:\/\/maisonmallet.com\/?event=collin-diane\" target=\"_self\"><img class=\"rpwe-alignleft rpwe-thumb\" src=\"https:\/\/maisonmallet.com\/wp-content\/uploads\/2026\/03\/collin-d16041949-200x250.jpg\" alt=\"COLLIN, Diane\" height=\"250\" width=\"200\" loading=\"lazy\" decoding=\"async\"><\/a><h3 class=\"rpwe-title\"><a href=\"https:\/\/maisonmallet.com\/?event=collin-diane\" target=\"_self\">COLLIN, Diane<\/a><\/h3><time class=\"rpwe-time published\" datetime=\"2026-03-26T17:36:55-04:00\">26 mars 2026<\/time><div class=\"rpwe-summary\">La Maison L.J.G. Mallet a le regret de vous annoncer le d\u00e9c\u00e8s de Diane Collin 1949 \u2013 2026 \u00c0 Havre Saint-Pierre, le 10 mars 2026, est d\u00e9c\u00e9d\u00e9e \u00e0 l\u2019\u00e2ge de 76 ans madame Diane Collin \u00e9pouse de monsieur Joseph Vibert et domicili\u00e9e \u00e0 Longue-Pointe-de-Mingan. &hellip;<a href=\"https:\/\/maisonmallet.com\/?event=collin-diane\" class=\"more-link\">\u00a0D\u00e9tails ...<\/a><\/div><\/li><li class=\"rpwe-li rpwe-clearfix\"><a class=\"rpwe-img\" href=\"https:\/\/maisonmallet.com\/?event=fontaine-joselito\" target=\"_self\"><img class=\"rpwe-alignleft rpwe-thumb\" src=\"https:\/\/maisonmallet.com\/wp-content\/uploads\/2026\/03\/fontaine-j06011968-200x250.jpg\" alt=\"FONTAINE, Joselito\" height=\"250\" width=\"200\" loading=\"lazy\" decoding=\"async\"><\/a><h3 class=\"rpwe-title\"><a href=\"https:\/\/maisonmallet.com\/?event=fontaine-joselito\" target=\"_self\">FONTAINE, Joselito<\/a><\/h3><time class=\"rpwe-time published\" datetime=\"2026-03-23T12:19:37-04:00\">23 mars 2026<\/time><div class=\"rpwe-summary\">Le Complexe Thanatologique Mallet &#038; fils a le regret de vous annoncer le d\u00e9c\u00e8s de Joselito Fontaine 1968 \u2013 2026 \u00c0 Sept-\u00celes, le 20 mars 2026, est d\u00e9c\u00e9d\u00e9 \u00e0 l\u2019\u00e2ge de 58 ans, monsieur Joselito Fontaine fils de feu G\u00e9rard-Raymond Fontaine et de feu &hellip;<a href=\"https:\/\/maisonmallet.com\/?event=fontaine-joselito\" class=\"more-link\">\u00a0D\u00e9tails ...<\/a><\/div><\/li><li class=\"rpwe-li rpwe-clearfix\"><a class=\"rpwe-img\" href=\"https:\/\/maisonmallet.com\/?event=vigneault-lucien\" target=\"_self\"><img class=\"rpwe-alignleft rpwe-thumb\" src=\"https:\/\/maisonmallet.com\/wp-content\/uploads\/2026\/03\/vignault-l12121928-200x250.jpg\" alt=\"VIGNEAULT, Lucien\" height=\"250\" width=\"200\" loading=\"lazy\" decoding=\"async\"><\/a><h3 class=\"rpwe-title\"><a href=\"https:\/\/maisonmallet.com\/?event=vigneault-lucien\" target=\"_self\">VIGNEAULT, Lucien<\/a><\/h3><time class=\"rpwe-time published\" datetime=\"2026-03-22T17:04:28-04:00\">22 mars 2026<\/time><div class=\"rpwe-summary\">La Maison L.J.G. Mallet a le regret de vous annoncer le d\u00e9c\u00e8s de Lucien Vigneault 1928 \u2013 2026 \u00c0 Havre Saint-Pierre, le 17 mars 2026, est d\u00e9c\u00e9d\u00e9 \u00e0 l\u2019\u00e2ge de 97 ans, monsieur Lucien Vigneault \u00e9poux de feu Marie-Paule Cormier et domicili\u00e9 \u00e0 Havre &hellip;<a href=\"https:\/\/maisonmallet.com\/?event=vigneault-lucien\" class=\"more-link\">\u00a0D\u00e9tails ...<\/a><\/div><\/li><li class=\"rpwe-li rpwe-clearfix\"><a class=\"rpwe-img\" href=\"https:\/\/maisonmallet.com\/?event=berube-adalbert\" target=\"_self\"><img class=\"rpwe-alignleft rpwe-thumb\" src=\"https:\/\/maisonmallet.com\/wp-content\/uploads\/2026\/03\/berube-a23081935-200x250.jpg\" alt=\"B\u00c9RUB\u00c9, Adalbert\" height=\"250\" width=\"200\" loading=\"lazy\" decoding=\"async\"><\/a><h3 class=\"rpwe-title\"><a href=\"https:\/\/maisonmallet.com\/?event=berube-adalbert\" target=\"_self\">B\u00c9RUB\u00c9, Adalbert<\/a><\/h3><time class=\"rpwe-time published\" datetime=\"2026-03-21T20:01:49-04:00\">21 mars 2026<\/time><div class=\"rpwe-summary\">Le Complexe Thanatologique Mallet &#038; fils a le regret de vous annoncer le d\u00e9c\u00e8s de Adalbert B\u00e9rub\u00e9 1935 \u2013 2026 \u00c0 Sept-\u00celes (maison \u00c9lyme des sables), le 2 mars 2026, est d\u00e9c\u00e9d\u00e9 \u00e0 l\u2019\u00e2ge de 90 ans et 6 mois, monsieur Adalbert B\u00e9rub\u00e9 \u00e9poux &hellip;<a href=\"https:\/\/maisonmallet.com\/?event=berube-adalbert\" class=\"more-link\">\u00a0D\u00e9tails ...<\/a><\/div><\/li><li class=\"rpwe-li rpwe-clearfix\"><a class=\"rpwe-img\" href=\"https:\/\/maisonmallet.com\/?event=barriault-claude\" target=\"_self\"><img class=\"rpwe-alignleft rpwe-thumb\" src=\"https:\/\/maisonmallet.com\/wp-content\/uploads\/2026\/03\/barriault-c30061954-200x250.jpg\" alt=\"BARRIAULT, Claude\" height=\"250\" width=\"200\" loading=\"lazy\" decoding=\"async\"><\/a><h3 class=\"rpwe-title\"><a href=\"https:\/\/maisonmallet.com\/?event=barriault-claude\" target=\"_self\">BARRIAULT, Claude<\/a><\/h3><time class=\"rpwe-time published\" datetime=\"2026-03-21T19:49:35-04:00\">21 mars 2026<\/time><div class=\"rpwe-summary\">La Maison L.J.G. Mallet a le regret de vous annoncer le d\u00e9c\u00e8s de Claude Barriault 1954 &#8211; 2026 \u00c0 Havre Saint-Pierre, le 17 mars 2026, est d\u00e9c\u00e9d\u00e9 \u00e0 l\u2019\u00e2ge de 71 ans, monsieur Claude Barriault fils de feu Marcel Barriault et de feu Alice &hellip;<a href=\"https:\/\/maisonmallet.com\/?event=barriault-claude\" class=\"more-link\">\u00a0D\u00e9tails ...<\/a><\/div><\/li><\/ul><\/div><!-- Generated by http:\/\/wordpress.org\/plugins\/recent-posts-widget-extended\/ --><\/div><\/div><div id=\"panel-15-2-0-2\" class=\"so-panel widget widget_sow-editor panel-last-child\" data-index=\"5\" ><div\n\t\t\t\n\t\t\tclass=\"so-widget-sow-editor so-widget-sow-editor-base\"\n\t\t\t\n\t\t>\n<div class=\"siteorigin-widget-tinymce textwidget\">\n\t<p><a href=\"https:\/\/maisonmallet.com\/?page_id=4013\">Voir tous les avis de d\u00e9c\u00e8s<\/a><\/p>\n<\/div>\n<\/div><\/div><\/div><\/div><\/div><\/div>","protected":false},"excerpt":{"rendered":"<p>Choix du salon La Maison Mallet et Fils La Maison L.J.G. Mallet Avis de d\u00e9c\u00e8s Voir tous les avis de d\u00e9c\u00e8s<\/p>\n","protected":false},"author":1,"featured_media":0,"parent":0,"menu_order":0,"comment_status":"closed","ping_status":"closed","template":"fullwidth-page.php","meta":{"footnotes":""},"class_list":["post-15","page","type-page","status-publish","hentry"],"jetpack_sharing_enabled":true,"jetpack_shortlink":"https:\/\/wp.me\/P83m3r-f","_links":{"self":[{"href":"https:\/\/maisonmallet.com\/index.php?rest_route=\/wp\/v2\/pages\/15","targetHints":{"allow":["GET"]}}],"collection":[{"href":"https:\/\/maisonmallet.com\/index.php?rest_route=\/wp\/v2\/pages"}],"about":[{"href":"https:\/\/maisonmallet.com\/index.php?rest_route=\/wp\/v2\/types\/page"}],"author":[{"embeddable":true,"href":"https:\/\/maisonmallet.com\/index.php?rest_route=\/wp\/v2\/users\/1"}],"replies":[{"embeddable":true,"href":"https:\/\/maisonmallet.com\/index.php?rest_route=%2Fwp%2Fv2%2Fcomments&post=15"}],"version-history":[{"count":28,"href":"https:\/\/maisonmallet.com\/index.php?rest_route=\/wp\/v2\/pages\/15\/revisions"}],"predecessor-version":[{"id":4071,"href":"https:\/\/maisonmallet.com\/index.php?rest_route=\/wp\/v2\/pages\/15\/revisions\/4071"}],"wp:attachment":[{"href":"https:\/\/maisonmallet.com\/index.php?rest_route=%2Fwp%2Fv2%2Fmedia&parent=15"}],"curies":[{"name":"wp","href":"https:\/\/api.w.org\/{rel}","templated":true}]}}